{"id":278,"date":"2024-04-10T14:23:23","date_gmt":"2024-04-10T14:23:23","guid":{"rendered":"https:\/\/www.hotel-plage-ste-maxime.com\/?page_id=278"},"modified":"2026-03-22T17:21:44","modified_gmt":"2026-03-22T17:21:44","slug":"chambre-lits-jumeaux-1er-etage","status":"publish","type":"page","link":"https:\/\/www.hotel-plage-ste-maxime.com\/chambre-lits-jumeaux-1er-etage\/","title":{"rendered":"Chambre Lits Jumeaux 1er \u00c9tage"},"content":{"rendered":"<p>[et_pb_section fb_built=&#8221;1&#8243; _builder_version=&#8221;4.24.3&#8243; _module_preset=&#8221;default&#8221; use_background_color_gradient=&#8221;on&#8221; background_color_gradient_stops=&#8221;rgba(0,0,0,0.2) 0%|rgba(0,0,0,0.2) 100%&#8221; background_color_gradient_overlays_image=&#8221;on&#8221; background_image=&#8221;https:\/\/www.hotel-plage-ste-maxime.com\/wp-content\/uploads\/2026\/03\/Chambre-twin-etage-2026-scaled.jpeg&#8221; custom_padding=&#8221;9vw||9vw||true|false&#8221; global_colors_info=&#8221;{}&#8221;][et_pb_row _builder_version=&#8221;4.24.3&#8243; _module_preset=&#8221;default&#8221; max_width=&#8221;100%&#8221; global_colors_info=&#8221;{}&#8221;][et_pb_column type=&#8221;4_4&#8243; _builder_version=&#8221;4.23.4&#8243; _module_preset=&#8221;default&#8221; global_colors_info=&#8221;{}&#8221;][et_pb_text _builder_version=&#8221;4.24.3&#8243; _module_preset=&#8221;default&#8221; text_text_color=&#8221;#FFFFFF&#8221; header_2_text_color=&#8221;#FFFFFF&#8221; header_2_text_align_tablet=&#8221;&#8221; header_2_text_align_phone=&#8221;center&#8221; header_2_text_align_last_edited=&#8221;on|phone&#8221; text_text_shadow_style=&#8221;preset2&#8243; global_colors_info=&#8221;{}&#8221;]<\/p>\n<h2>Hotel La Plage\u00a0| Sainte-Maxime<\/h2>\n<p>[\/et_pb_text][et_pb_text _builder_version=&#8221;4.24.3&#8243; _module_preset=&#8221;default&#8221; header_font=&#8221;Aclonica||||||||&#8221; header_text_color=&#8221;#FFFFFF&#8221; header_text_align_tablet=&#8221;&#8221; header_text_align_phone=&#8221;center&#8221; header_text_align_last_edited=&#8221;on|phone&#8221; content_en_us=&#8221;<\/p>\n<h1>1st Floor Twin Beds Room &#8211; Sea View<\/h1>\n<p>&#8221; header_text_shadow_style=&#8221;preset5&#8243; global_colors_info=&#8221;{}&#8221;]<\/p>\n<h1>Chambre Lits Jumeaux 1er \u00c9tage &#8211; Vue mer panoramique<\/h1>\n<p>[\/et_pb_text][\/et_pb_column][\/et_pb_row][\/et_pb_section][et_pb_section fb_built=&#8221;1&#8243; _builder_version=&#8221;4.23.4&#8243; _module_preset=&#8221;default&#8221; background_color=&#8221;#f6f6f6&#8243; global_colors_info=&#8221;{}&#8221;][et_pb_row _builder_version=&#8221;4.23.4&#8243; _module_preset=&#8221;default&#8221; global_colors_info=&#8221;{}&#8221;][et_pb_column type=&#8221;4_4&#8243; _builder_version=&#8221;4.23.4&#8243; _module_preset=&#8221;default&#8221; global_colors_info=&#8221;{}&#8221;][et_pb_text _builder_version=&#8221;4.24.3&#8243; _module_preset=&#8221;default&#8221; header_2_font=&#8221;Aclonica||||||||&#8221; header_2_text_align_tablet=&#8221;&#8221; header_2_text_align_phone=&#8221;center&#8221; header_2_text_align_last_edited=&#8221;on|phone&#8221; content_en_us=&#8221;<\/p>\n<h2>Twin Bed Room 1st Floor &#8211; <span style=%22color: #b0a06c;%22>Panoramic sea view &#038; Balcony <\/span><\/h2>\n<p>&#8221; global_colors_info=&#8221;{}&#8221;]<\/p>\n<h2>Chambre Lits Jumeaux 1er \u00c9tage &#8211; <span style=\"color: #b0a06c;\">Vue mer panoramique &amp; Balcon<\/span><\/h2>\n<p>[\/et_pb_text][\/et_pb_column][\/et_pb_row][et_pb_row column_structure=&#8221;1_6,1_6,1_6,1_6,1_6,1_6&#8243; _builder_version=&#8221;4.23.4&#8243; _module_preset=&#8221;default&#8221; global_colors_info=&#8221;{}&#8221;][et_pb_column type=&#8221;1_6&#8243; _builder_version=&#8221;4.23.4&#8243; _module_preset=&#8221;default&#8221; global_colors_info=&#8221;{}&#8221;][et_pb_icon font_icon=&#8221;&#xe08a;||divi||400&#8243; icon_color=&#8221;#b0a06c&#8221; icon_width=&#8221;42px&#8221; _builder_version=&#8221;4.23.4&#8243; _module_preset=&#8221;default&#8221; global_colors_info=&#8221;{}&#8221;][\/et_pb_icon][et_pb_text _builder_version=&#8221;4.24.3&#8243; _module_preset=&#8221;default&#8221; text_orientation=&#8221;center&#8221; content_en_us=&#8221;<\/p>\n<p>2 people<\/p>\n<p>&#8221; global_colors_info=&#8221;{}&#8221;]<\/p>\n<p>2 personnes<\/p>\n<p>[\/et_pb_text][\/et_pb_column][et_pb_column type=&#8221;1_6&#8243; _builder_version=&#8221;4.23.4&#8243; _module_preset=&#8221;default&#8221; global_colors_info=&#8221;{}&#8221;][et_pb_icon font_icon=&#8221;&#xf06e;||fa||900&#8243; icon_color=&#8221;#b0a06c&#8221; icon_width=&#8221;42px&#8221; _builder_version=&#8221;4.23.4&#8243; _module_preset=&#8221;default&#8221; global_colors_info=&#8221;{}&#8221;][\/et_pb_icon][et_pb_text _builder_version=&#8221;4.24.3&#8243; _module_preset=&#8221;default&#8221; text_orientation=&#8221;center&#8221; content_en_us=&#8221;<\/p>\n<p>Panoramic Sea View<\/p>\n<p>&#8221; global_colors_info=&#8221;{}&#8221;]<\/p>\n<p>Vue mer panoramique<\/p>\n<p>[\/et_pb_text][\/et_pb_column][et_pb_column type=&#8221;1_6&#8243; _builder_version=&#8221;4.23.4&#8243; _module_preset=&#8221;default&#8221; global_colors_info=&#8221;{}&#8221;][et_pb_icon font_icon=&#8221;&#xf5cb;||fa||900&#8243; icon_color=&#8221;#b0a06c&#8221; icon_width=&#8221;42px&#8221; _builder_version=&#8221;4.23.4&#8243; _module_preset=&#8221;default&#8221; global_colors_info=&#8221;{}&#8221;][\/et_pb_icon][et_pb_text _builder_version=&#8221;4.24.3&#8243; _module_preset=&#8221;default&#8221; text_orientation=&#8221;center&#8221; hover_enabled=&#8221;0&#8243; global_colors_info=&#8221;{}&#8221; sticky_enabled=&#8221;0&#8243;]<\/p>\n<p>22 m\u00b2<\/p>\n<p>[\/et_pb_text][\/et_pb_column][et_pb_column type=&#8221;1_6&#8243; _builder_version=&#8221;4.23.4&#8243; _module_preset=&#8221;default&#8221; global_colors_info=&#8221;{}&#8221;][et_pb_icon font_icon=&#8221;&#xf1eb;||fa||900&#8243; icon_color=&#8221;#b0a06c&#8221; icon_width=&#8221;42px&#8221; _builder_version=&#8221;4.23.4&#8243; _module_preset=&#8221;default&#8221; global_colors_info=&#8221;{}&#8221;][\/et_pb_icon][et_pb_text _builder_version=&#8221;4.23.4&#8243; _module_preset=&#8221;default&#8221; text_orientation=&#8221;center&#8221; global_colors_info=&#8221;{}&#8221;]<\/p>\n<p>Wifi<\/p>\n<p>[\/et_pb_text][\/et_pb_column][et_pb_column type=&#8221;1_6&#8243; _builder_version=&#8221;4.23.4&#8243; _module_preset=&#8221;default&#8221; global_colors_info=&#8221;{}&#8221;][et_pb_icon font_icon=&#8221;&#xf5ca;||fa||900&#8243; icon_color=&#8221;#b0a06c&#8221; icon_width=&#8221;42px&#8221; _builder_version=&#8221;4.23.4&#8243; _module_preset=&#8221;default&#8221; global_colors_info=&#8221;{}&#8221;][\/et_pb_icon][et_pb_text _builder_version=&#8221;4.24.3&#8243; _module_preset=&#8221;default&#8221; text_orientation=&#8221;center&#8221; content_en_us=&#8221;<\/p>\n<p>Beach 30 meters away<\/p>\n<p>&#8221; global_colors_info=&#8221;{}&#8221;]<\/p>\n<p>Plage \u00e0 30m<\/p>\n<p>[\/et_pb_text][\/et_pb_column][et_pb_column type=&#8221;1_6&#8243; _builder_version=&#8221;4.23.4&#8243; _module_preset=&#8221;default&#8221; global_colors_info=&#8221;{}&#8221;][et_pb_icon font_icon=&#8221;&#xf853;||fa||900&#8243; icon_color=&#8221;#b0a06c&#8221; icon_width=&#8221;42px&#8221; _builder_version=&#8221;4.23.4&#8243; _module_preset=&#8221;default&#8221; global_colors_info=&#8221;{}&#8221;][\/et_pb_icon][et_pb_text _builder_version=&#8221;4.24.3&#8243; _module_preset=&#8221;default&#8221; text_orientation=&#8221;center&#8221; content_en_us=&#8221;<\/p>\n<p>Balcony<\/p>\n<p>&#8221; global_colors_info=&#8221;{}&#8221;]<\/p>\n<p>Balcon<\/p>\n<p>[\/et_pb_text][\/et_pb_column][\/et_pb_row][et_pb_row _builder_version=&#8221;4.23.4&#8243; _module_preset=&#8221;default&#8221; global_colors_info=&#8221;{}&#8221;][et_pb_column type=&#8221;4_4&#8243; _builder_version=&#8221;4.23.4&#8243; _module_preset=&#8221;default&#8221; global_colors_info=&#8221;{}&#8221;][et_pb_divider color=&#8221;#000000&#8243; divider_weight=&#8221;3px&#8221; _builder_version=&#8221;4.24.3&#8243; _module_preset=&#8221;default&#8221; width=&#8221;6%&#8221; module_alignment_tablet=&#8221;&#8221; module_alignment_phone=&#8221;center&#8221; module_alignment_last_edited=&#8221;on|phone&#8221; global_colors_info=&#8221;{}&#8221;][\/et_pb_divider][et_pb_text _builder_version=&#8221;4.24.3&#8243; _module_preset=&#8221;default&#8221; text_font_size=&#8221;19px&#8221; text_orientation_tablet=&#8221;&#8221; text_orientation_phone=&#8221;center&#8221; text_orientation_last_edited=&#8221;on|phone&#8221; content_en_us=&#8221;<\/p>\n<p>Welcome to our Mediterranean style twin room. Enjoy the warm and colorful atmosphere of this welcoming space, equipped with two comfortable beds. The bright and lively decor creates a relaxing atmosphere. Admire the breathtaking sea views, ideal for enjoying moments of tranquility. The room is equipped with all modern amenities to ensure your comfort. Your Mediterranean oasis awaits you for an unforgettable stay.<\/p>\n<p>&#8221; global_colors_info=&#8221;{}&#8221;]<\/p>\n<p><span>Bienvenue dans notre chambre lits jumeaux au style m\u00e9diterran\u00e9en. Profitez de l&#8217;ambiance chaleureuse et color\u00e9e de cet espace accueillant, \u00e9quip\u00e9 de deux lits confortables. La d\u00e9coration vive et lumineuse cr\u00e9e une atmosph\u00e8re relaxante. Admirez la vue imprenable sur la mer, id\u00e9ale pour savourer des moments de tranquillit\u00e9. La chambre est \u00e9quip\u00e9e de toutes les commodit\u00e9s modernes pour assurer votre confort. Votre oasis m\u00e9diterran\u00e9enne vous attend pour un s\u00e9jour inoubliable.<\/span><\/p>\n<p>[\/et_pb_text][\/et_pb_column][\/et_pb_row][et_pb_row _builder_version=&#8221;4.23.4&#8243; _module_preset=&#8221;default&#8221; global_colors_info=&#8221;{}&#8221;][et_pb_column type=&#8221;4_4&#8243; _builder_version=&#8221;4.23.4&#8243; _module_preset=&#8221;default&#8221; global_colors_info=&#8221;{}&#8221;][et_pb_text _builder_version=&#8221;4.24.3&#8243; _module_preset=&#8221;default&#8221; text_font_size=&#8221;19px&#8221; text_orientation_tablet=&#8221;&#8221; text_orientation_phone=&#8221;center&#8221; text_orientation_last_edited=&#8221;on|phone&#8221; content_en_us=&#8221;This room <span style=%22color: #b0a06c;%22>include :<\/span>&#8221; global_colors_info=&#8221;{}&#8221;]<\/p>\n<p>Cette chambre <span style=\"color: #b0a06c;\">inclut :<\/span><\/p>\n<p>[\/et_pb_text][\/et_pb_column][\/et_pb_row][et_pb_row column_structure=&#8221;1_2,1_2&#8243; use_custom_gutter=&#8221;on&#8221; gutter_width=&#8221;1&#8243; _builder_version=&#8221;4.23.4&#8243; _module_preset=&#8221;default&#8221; global_colors_info=&#8221;{}&#8221;][et_pb_column type=&#8221;1_2&#8243; _builder_version=&#8221;4.23.4&#8243; _module_preset=&#8221;default&#8221; global_colors_info=&#8221;{}&#8221;][et_pb_text _builder_version=&#8221;4.24.3&#8243; _module_preset=&#8221;default&#8221; ul_text_align=&#8221;left&#8221; ul_font_size=&#8221;17px&#8221; ul_text_align_tablet=&#8221;left&#8221; ul_text_align_phone=&#8221;center&#8221; ul_text_align_last_edited=&#8221;on|phone&#8221; custom_css_main_element=&#8221;li::marker {||  color: #B0A06C;||}&#8221; content_en_us=&#8221;<\/p>\n<ul>\n<li>Panoramic sea view<\/li>\n<li>Shower<\/li>\n<li>Air-Conditioning<\/li>\n<li>Flat-Screen TV<\/li>\n<li>Canal +<\/li>\n<li>Hairdryer<\/li>\n<li>Safe<\/li>\n<\/ul>\n<p>&#8221; global_colors_info=&#8221;{}&#8221;]<\/p>\n<ul>\n<li>Vue panoramique sur la mer<\/li>\n<li>Douche<\/li>\n<li>Climatisation<\/li>\n<li>T\u00e9l\u00e9vision \u00e0 \u00e9cran plat<\/li>\n<li>Canal +<\/li>\n<li>S\u00e8che-cheveux<\/li>\n<li>Coffre-fort<\/li>\n<\/ul>\n<p>[\/et_pb_text][\/et_pb_column][et_pb_column type=&#8221;1_2&#8243; _builder_version=&#8221;4.23.4&#8243; _module_preset=&#8221;default&#8221; global_colors_info=&#8221;{}&#8221;][et_pb_text _builder_version=&#8221;4.24.3&#8243; _module_preset=&#8221;default&#8221; ul_font_size=&#8221;17px&#8221; hover_enabled=&#8221;0&#8243; ul_text_align_tablet=&#8221;&#8221; ul_text_align_phone=&#8221;center&#8221; ul_text_align_last_edited=&#8221;on|phone&#8221; custom_css_main_element=&#8221;li::marker {||  color: #B0A06C;||}&#8221; content_en_us=&#8221;<\/p>\n<ul>\n<li>Balcony<\/li>\n<li>Bathroom<\/li>\n<li>Wifi<\/li>\n<li>Minibar<\/li>\n<li>Desk<\/li>\n<li>2 single bed<\/li>\n<li>Tea\/Coffe facilities<\/li>\n<li>Non-smoking room<\/li>\n<\/ul>\n<p>&#8221; global_colors_info=&#8221;{}&#8221; sticky_enabled=&#8221;0&#8243;]<\/p>\n<ul>\n<li>Balcon<\/li>\n<li>Toilettes<\/li>\n<li>Wifi<\/li>\n<li>Minibar<\/li>\n<li>Bureau<\/li>\n<li>2 lits simple<\/li>\n<li>Plateau\/bouilloire<\/li>\n<li>Chambres non-fumeurs<\/li>\n<\/ul>\n<p>[\/et_pb_text][\/et_pb_column][\/et_pb_row][et_pb_row _builder_version=&#8221;4.23.4&#8243; _module_preset=&#8221;default&#8221; custom_padding=&#8221;|62px||62px|false|true&#8221; global_colors_info=&#8221;{}&#8221;][et_pb_column type=&#8221;4_4&#8243; _builder_version=&#8221;4.23.4&#8243; _module_preset=&#8221;default&#8221; global_colors_info=&#8221;{}&#8221;][et_pb_button button_url=&#8221;https:\/\/www.secure-hotel-booking.com\/Hotel-la-Plage\/29GK\/dateselection?roomid=38193&#8243; url_new_window=&#8221;on&#8221; button_text=&#8221;R\u00e9server&#8221; button_alignment=&#8221;center&#8221; _builder_version=&#8221;4.24.3&#8243; _module_preset=&#8221;default&#8221; custom_button=&#8221;on&#8221; button_text_color=&#8221;#FFFFFF&#8221; button_bg_color=&#8221;#b0a06c&#8221; button_border_width=&#8221;0px&#8221; button_text_en_us=&#8221;Book&#8221; global_colors_info=&#8221;{}&#8221;][\/et_pb_button][\/et_pb_column][\/et_pb_row][\/et_pb_section][et_pb_section fb_built=&#8221;1&#8243; _builder_version=&#8221;4.24.3&#8243; _module_preset=&#8221;default&#8221; background_color=&#8221;#f6f6f6&#8243; global_colors_info=&#8221;{}&#8221;][et_pb_row _builder_version=&#8221;4.24.3&#8243; _module_preset=&#8221;default&#8221; width=&#8221;95%&#8221; max_width=&#8221;100%&#8221; global_colors_info=&#8221;{}&#8221;][et_pb_column type=&#8221;4_4&#8243; _builder_version=&#8221;4.24.3&#8243; _module_preset=&#8221;default&#8221; global_colors_info=&#8221;{}&#8221;][wdcl_image_carousel nav_pagi=&#8221;none&#8221; slide_count=&#8221;4&#8243; use_lightbox=&#8221;on&#8221; _builder_version=&#8221;4.24.3&#8243; _module_preset=&#8221;default&#8221; global_colors_info=&#8221;{}&#8221;][wdcl_image_carousel_child photo=&#8221;https:\/\/www.hotel-plage-ste-maxime.com\/wp-content\/uploads\/2025\/03\/Hotel-La-Plage_Ste-Maxime_20250218-17-scaled.jpg&#8221; _builder_version=&#8221;4.24.3&#8243; global_colors_info=&#8221;{}&#8221;][\/wdcl_image_carousel_child][wdcl_image_carousel_child photo=&#8221;https:\/\/www.hotel-plage-ste-maxime.com\/wp-content\/uploads\/2026\/03\/IMG_0291-scaled.jpeg&#8221; _builder_version=&#8221;4.24.3&#8243; global_colors_info=&#8221;{}&#8221;][\/wdcl_image_carousel_child][wdcl_image_carousel_child photo=&#8221;https:\/\/www.hotel-plage-ste-maxime.com\/wp-content\/uploads\/2026\/03\/Chambre-twin-etage-2026-scaled.jpeg&#8221; _builder_version=&#8221;4.24.3&#8243; global_colors_info=&#8221;{}&#8221;][\/wdcl_image_carousel_child][wdcl_image_carousel_child photo=&#8221;https:\/\/www.hotel-plage-ste-maxime.com\/wp-content\/uploads\/2026\/03\/Chambre-twin-etage-2026-placard-scaled.jpeg&#8221; _builder_version=&#8221;4.24.3&#8243; global_colors_info=&#8221;{}&#8221;][\/wdcl_image_carousel_child][\/wdcl_image_carousel][\/et_pb_column][\/et_pb_row][\/et_pb_section]<\/p>\n","protected":false},"excerpt":{"rendered":"<p>Hotel La Plage\u00a0| Sainte-MaximeChambre Lits Jumeaux 1er \u00c9tage &#8211; Vue mer panoramiqueChambre Lits Jumeaux 1er \u00c9tage &#8211; Vue mer panoramique &amp; Balcon2 personnesVue mer panoramique22 m\u00b2WifiPlage \u00e0 30mBalconBienvenue dans notre chambre lits jumeaux au style m\u00e9diterran\u00e9en. Profitez de l&#8217;ambiance chaleureuse et color\u00e9e de cet espace accueillant, \u00e9quip\u00e9 de deux lits confortables. La d\u00e9coration vive et [&hellip;]<\/p>\n","protected":false},"author":1,"featured_media":0,"parent":0,"menu_order":0,"comment_status":"closed","ping_status":"closed","template":"","meta":{"_et_pb_use_builder":"on","_et_pb_old_content":"","_et_gb_content_width":"","footnotes":""},"class_list":["post-278","page","type-page","status-publish","hentry"],"yoast_head":"<!-- This site is optimized with the Yoast SEO plugin v22.6 - https:\/\/yoast.com\/wordpress\/plugins\/seo\/ -->\n<title>Chambre Lits Jumeaux 1er \u00c9tage<\/title>\n<meta name=\"description\" content=\"[et_pb_section fb_built=&quot;1&quot; _builder_version=&quot;4.24.3&quot; _module_preset=&quot;default&quot; use_background_color_gradient=&quot;on&quot; background_color_gradient_stops=&quot;rgba(0,0,0,0.2) 0%|rgba(0,0,0,0.2) 100%&quot; background_color_gradient_overlays_image=&quot;on&quot; background_image=&quot;https:\/\/www.hotel-plage-ste-maxime.com\/wp-content\/uploads\/2026\/03\/Chambre-twin-etage-2026-scaled.jpeg&quot; custom_padding=&quot;9vw||9vw||true|false&quot; global_colors_info=&quot;{}&quot;][et_pb_row _builder_version=&quot;4.24.3&quot; _module_preset=&quot;default&quot; max_width=&quot;100%&quot; global_colors_info=&quot;{}&quot;][et_pb_column type=&quot;4_4&quot; _builder_version=&quot;4.23.4&quot; _module_preset=&quot;default&quot; global_colors_info=&quot;{}&quot;][et_pb_text _builder_version=&quot;4.24.3&quot; _module_preset=&quot;default&quot; text_text_color=&quot;#FFFFFF&quot; header_2_text_color=&quot;#FFFFFF&quot; header_2_text_align_tablet=&quot;&quot; header_2_text_align_phone=&quot;center&quot; header_2_text_align_last_edited=&quot;on|phone&quot; text_text_shadow_style=&quot;preset2&quot; global_colors_info=&quot;{}&quot;]Hotel La Plage\u00a0| Sainte-Maxime[\/et_pb_text][et_pb_text _builder_version=&quot;4.24.3&quot; _module_preset=&quot;default&quot; header_font=&quot;Aclonica||||||||&quot; header_text_color=&quot;#FFFFFF&quot; header_text_align_tablet=&quot;&quot; header_text_align_phone=&quot;center&quot; header_text_align_last_edited=&quot;on|phone&quot; content_en_us=&quot;1st Floor Twin Beds Room - Sea View&quot; header_text_shadow_style=&quot;preset5&quot; global_colors_info=&quot;{}&quot;]Chambre Lits Jumeaux 1er \u00c9tage - Vue&hellip;\" \/>\n<meta name=\"robots\" content=\"index, follow, max-snippet:-1, max-image-preview:large, max-video-preview:-1\" \/>\n<link rel=\"canonical\" href=\"https:\/\/www.hotel-plage-ste-maxime.com\/chambre-lits-jumeaux-1er-etage\/\" \/>\n<meta property=\"og:locale\" content=\"en_US\" \/>\n<meta property=\"og:type\" content=\"article\" \/>\n<meta property=\"og:title\" content=\"Chambre Lits Jumeaux 1er \u00c9tage\" \/>\n<meta property=\"og:description\" content=\"[et_pb_section fb_built=&quot;1&quot; _builder_version=&quot;4.24.3&quot; _module_preset=&quot;default&quot; use_background_color_gradient=&quot;on&quot; background_color_gradient_stops=&quot;rgba(0,0,0,0.2) 0%|rgba(0,0,0,0.2) 100%&quot; background_color_gradient_overlays_image=&quot;on&quot; background_image=&quot;https:\/\/www.hotel-plage-ste-maxime.com\/wp-content\/uploads\/2026\/03\/Chambre-twin-etage-2026-scaled.jpeg&quot; custom_padding=&quot;9vw||9vw||true|false&quot; global_colors_info=&quot;{}&quot;][et_pb_row _builder_version=&quot;4.24.3&quot; _module_preset=&quot;default&quot; max_width=&quot;100%&quot; global_colors_info=&quot;{}&quot;][et_pb_column type=&quot;4_4&quot; _builder_version=&quot;4.23.4&quot; _module_preset=&quot;default&quot; global_colors_info=&quot;{}&quot;][et_pb_text _builder_version=&quot;4.24.3&quot; _module_preset=&quot;default&quot; text_text_color=&quot;#FFFFFF&quot; header_2_text_color=&quot;#FFFFFF&quot; header_2_text_align_tablet=&quot;&quot; header_2_text_align_phone=&quot;center&quot; header_2_text_align_last_edited=&quot;on|phone&quot; text_text_shadow_style=&quot;preset2&quot; global_colors_info=&quot;{}&quot;]Hotel La Plage\u00a0| Sainte-Maxime[\/et_pb_text][et_pb_text _builder_version=&quot;4.24.3&quot; _module_preset=&quot;default&quot; header_font=&quot;Aclonica||||||||&quot; header_text_color=&quot;#FFFFFF&quot; header_text_align_tablet=&quot;&quot; header_text_align_phone=&quot;center&quot; header_text_align_last_edited=&quot;on|phone&quot; content_en_us=&quot;1st Floor Twin Beds Room - Sea View&quot; header_text_shadow_style=&quot;preset5&quot; global_colors_info=&quot;{}&quot;]Chambre Lits Jumeaux 1er \u00c9tage - Vue&hellip;\" \/>\n<meta property=\"og:url\" content=\"https:\/\/www.hotel-plage-ste-maxime.com\/chambre-lits-jumeaux-1er-etage\/\" \/>\n<meta property=\"og:site_name\" content=\"H\u00f4tel La Plage\" \/>\n<meta property=\"article:modified_time\" content=\"2026-03-22T17:21:44+00:00\" \/>\n<meta name=\"twitter:card\" content=\"summary_large_image\" \/>\n<script type=\"application\/ld+json\" class=\"yoast-schema-graph\">{\"@context\":\"https:\/\/schema.org\",\"@graph\":[{\"@type\":\"WebPage\",\"@id\":\"https:\/\/www.hotel-plage-ste-maxime.com\/chambre-lits-jumeaux-1er-etage\/\",\"url\":\"https:\/\/www.hotel-plage-ste-maxime.com\/chambre-lits-jumeaux-1er-etage\/\",\"name\":\"Chambre Lits Jumeaux 1er \u00c9tage - H\u00f4tel La Plage\",\"isPartOf\":{\"@id\":\"https:\/\/www.hotel-plage-ste-maxime.com\/#website\"},\"datePublished\":\"2024-04-10T14:23:23+00:00\",\"dateModified\":\"2026-03-22T17:21:44+00:00\",\"breadcrumb\":{\"@id\":\"https:\/\/www.hotel-plage-ste-maxime.com\/chambre-lits-jumeaux-1er-etage\/#breadcrumb\"},\"inLanguage\":\"en-US\",\"potentialAction\":[{\"@type\":\"ReadAction\",\"target\":[\"https:\/\/www.hotel-plage-ste-maxime.com\/chambre-lits-jumeaux-1er-etage\/\"]}]},{\"@type\":\"BreadcrumbList\",\"@id\":\"https:\/\/www.hotel-plage-ste-maxime.com\/chambre-lits-jumeaux-1er-etage\/#breadcrumb\",\"itemListElement\":[{\"@type\":\"ListItem\",\"position\":1,\"name\":\"Accueil\",\"item\":\"https:\/\/www.hotel-plage-ste-maxime.com\/\"},{\"@type\":\"ListItem\",\"position\":2,\"name\":\"Chambre Lits Jumeaux 1er \u00c9tage\"}]},{\"@type\":\"WebSite\",\"@id\":\"https:\/\/www.hotel-plage-ste-maxime.com\/#website\",\"url\":\"https:\/\/www.hotel-plage-ste-maxime.com\/\",\"name\":\"H\u00f4tel La Plage\",\"description\":\"Site officiel de L&#039;H\u00f4tel La Plage \u00e0 Sainte-Maxime\",\"potentialAction\":[{\"@type\":\"SearchAction\",\"target\":{\"@type\":\"EntryPoint\",\"urlTemplate\":\"https:\/\/www.hotel-plage-ste-maxime.com\/?s={search_term_string}\"},\"query-input\":\"required name=search_term_string\"}],\"inLanguage\":\"en-US\"}]}<\/script>\n<!-- \/ Yoast SEO plugin. -->","yoast_head_json":{"title":"Chambre Lits Jumeaux 1er \u00c9tage","description":"[et_pb_section fb_built=\"1\" _builder_version=\"4.24.3\" _module_preset=\"default\" use_background_color_gradient=\"on\" background_color_gradient_stops=\"rgba(0,0,0,0.2) 0%|rgba(0,0,0,0.2) 100%\" background_color_gradient_overlays_image=\"on\" background_image=\"https:\/\/www.hotel-plage-ste-maxime.com\/wp-content\/uploads\/2026\/03\/Chambre-twin-etage-2026-scaled.jpeg\" custom_padding=\"9vw||9vw||true|false\" global_colors_info=\"{}\"][et_pb_row _builder_version=\"4.24.3\" _module_preset=\"default\" max_width=\"100%\" global_colors_info=\"{}\"][et_pb_column type=\"4_4\" _builder_version=\"4.23.4\" _module_preset=\"default\" global_colors_info=\"{}\"][et_pb_text _builder_version=\"4.24.3\" _module_preset=\"default\" text_text_color=\"#FFFFFF\" header_2_text_color=\"#FFFFFF\" header_2_text_align_tablet=\"\" header_2_text_align_phone=\"center\" header_2_text_align_last_edited=\"on|phone\" text_text_shadow_style=\"preset2\" global_colors_info=\"{}\"]Hotel La Plage\u00a0| Sainte-Maxime[\/et_pb_text][et_pb_text _builder_version=\"4.24.3\" _module_preset=\"default\" header_font=\"Aclonica||||||||\" header_text_color=\"#FFFFFF\" header_text_align_tablet=\"\" header_text_align_phone=\"center\" header_text_align_last_edited=\"on|phone\" content_en_us=\"1st Floor Twin Beds Room - Sea View\" header_text_shadow_style=\"preset5\" global_colors_info=\"{}\"]Chambre Lits Jumeaux 1er \u00c9tage - Vue&hellip;","robots":{"index":"index","follow":"follow","max-snippet":"max-snippet:-1","max-image-preview":"max-image-preview:large","max-video-preview":"max-video-preview:-1"},"canonical":"https:\/\/www.hotel-plage-ste-maxime.com\/chambre-lits-jumeaux-1er-etage\/","og_locale":"en_US","og_type":"article","og_title":"Chambre Lits Jumeaux 1er \u00c9tage","og_description":"[et_pb_section fb_built=\"1\" _builder_version=\"4.24.3\" _module_preset=\"default\" use_background_color_gradient=\"on\" background_color_gradient_stops=\"rgba(0,0,0,0.2) 0%|rgba(0,0,0,0.2) 100%\" background_color_gradient_overlays_image=\"on\" background_image=\"https:\/\/www.hotel-plage-ste-maxime.com\/wp-content\/uploads\/2026\/03\/Chambre-twin-etage-2026-scaled.jpeg\" custom_padding=\"9vw||9vw||true|false\" global_colors_info=\"{}\"][et_pb_row _builder_version=\"4.24.3\" _module_preset=\"default\" max_width=\"100%\" global_colors_info=\"{}\"][et_pb_column type=\"4_4\" _builder_version=\"4.23.4\" _module_preset=\"default\" global_colors_info=\"{}\"][et_pb_text _builder_version=\"4.24.3\" _module_preset=\"default\" text_text_color=\"#FFFFFF\" header_2_text_color=\"#FFFFFF\" header_2_text_align_tablet=\"\" header_2_text_align_phone=\"center\" header_2_text_align_last_edited=\"on|phone\" text_text_shadow_style=\"preset2\" global_colors_info=\"{}\"]Hotel La Plage\u00a0| Sainte-Maxime[\/et_pb_text][et_pb_text _builder_version=\"4.24.3\" _module_preset=\"default\" header_font=\"Aclonica||||||||\" header_text_color=\"#FFFFFF\" header_text_align_tablet=\"\" header_text_align_phone=\"center\" header_text_align_last_edited=\"on|phone\" content_en_us=\"1st Floor Twin Beds Room - Sea View\" header_text_shadow_style=\"preset5\" global_colors_info=\"{}\"]Chambre Lits Jumeaux 1er \u00c9tage - Vue&hellip;","og_url":"https:\/\/www.hotel-plage-ste-maxime.com\/chambre-lits-jumeaux-1er-etage\/","og_site_name":"H\u00f4tel La Plage","article_modified_time":"2026-03-22T17:21:44+00:00","twitter_card":"summary_large_image","schema":{"@context":"https:\/\/schema.org","@graph":[{"@type":"WebPage","@id":"https:\/\/www.hotel-plage-ste-maxime.com\/chambre-lits-jumeaux-1er-etage\/","url":"https:\/\/www.hotel-plage-ste-maxime.com\/chambre-lits-jumeaux-1er-etage\/","name":"Chambre Lits Jumeaux 1er \u00c9tage - H\u00f4tel La Plage","isPartOf":{"@id":"https:\/\/www.hotel-plage-ste-maxime.com\/#website"},"datePublished":"2024-04-10T14:23:23+00:00","dateModified":"2026-03-22T17:21:44+00:00","breadcrumb":{"@id":"https:\/\/www.hotel-plage-ste-maxime.com\/chambre-lits-jumeaux-1er-etage\/#breadcrumb"},"inLanguage":"en-US","potentialAction":[{"@type":"ReadAction","target":["https:\/\/www.hotel-plage-ste-maxime.com\/chambre-lits-jumeaux-1er-etage\/"]}]},{"@type":"BreadcrumbList","@id":"https:\/\/www.hotel-plage-ste-maxime.com\/chambre-lits-jumeaux-1er-etage\/#breadcrumb","itemListElement":[{"@type":"ListItem","position":1,"name":"Accueil","item":"https:\/\/www.hotel-plage-ste-maxime.com\/"},{"@type":"ListItem","position":2,"name":"Chambre Lits Jumeaux 1er \u00c9tage"}]},{"@type":"WebSite","@id":"https:\/\/www.hotel-plage-ste-maxime.com\/#website","url":"https:\/\/www.hotel-plage-ste-maxime.com\/","name":"H\u00f4tel La Plage","description":"Site officiel de L&#039;H\u00f4tel La Plage \u00e0 Sainte-Maxime","potentialAction":[{"@type":"SearchAction","target":{"@type":"EntryPoint","urlTemplate":"https:\/\/www.hotel-plage-ste-maxime.com\/?s={search_term_string}"},"query-input":"required name=search_term_string"}],"inLanguage":"en-US"}]}},"_links":{"self":[{"href":"https:\/\/www.hotel-plage-ste-maxime.com\/wp-json\/wp\/v2\/pages\/278","targetHints":{"allow":["GET"]}}],"collection":[{"href":"https:\/\/www.hotel-plage-ste-maxime.com\/wp-json\/wp\/v2\/pages"}],"about":[{"href":"https:\/\/www.hotel-plage-ste-maxime.com\/wp-json\/wp\/v2\/types\/page"}],"author":[{"embeddable":true,"href":"https:\/\/www.hotel-plage-ste-maxime.com\/wp-json\/wp\/v2\/users\/1"}],"replies":[{"embeddable":true,"href":"https:\/\/www.hotel-plage-ste-maxime.com\/wp-json\/wp\/v2\/comments?post=278"}],"version-history":[{"count":13,"href":"https:\/\/www.hotel-plage-ste-maxime.com\/wp-json\/wp\/v2\/pages\/278\/revisions"}],"predecessor-version":[{"id":668,"href":"https:\/\/www.hotel-plage-ste-maxime.com\/wp-json\/wp\/v2\/pages\/278\/revisions\/668"}],"wp:attachment":[{"href":"https:\/\/www.hotel-plage-ste-maxime.com\/wp-json\/wp\/v2\/media?parent=278"}],"curies":[{"name":"wp","href":"https:\/\/api.w.org\/{rel}","templated":true}]}}